{"id":1,"date":"2016-05-26T06:01:06","date_gmt":"2016-05-26T04:01:06","guid":{"rendered":"https:\/\/sanktlukas.se\/alingsas\/foreningen\/"},"modified":"2025-04-01T14:34:40","modified_gmt":"2025-04-01T12:34:40","slug":"foreningen","status":"publish","type":"page","link":"https:\/\/sanktlukas.se\/alingsas\/foreningen\/","title":{"rendered":"F\u00f6reningen"},"content":{"rendered":"\n<h2 class=\"wp-block-sanktlukas-genericheading headline headline--medium medium-green\">F\u00f6reningen S:t Lukas Alings\u00e5s-Lerum<\/h2>\n\n\n\n<div class=\"wp-block-sanktlukas-generictextblock textblock textblock--undefined\">F\u00f6reningen S:t Lukas Alings\u00e5s-Lerum har varit ig\u00e5ng sedan 1983. F\u00f6reningen avvecklar sin mottagningsverksamhet under v\u00e5ren 2025. F\u00f6reningen har tidigare varit huvudman f\u00f6r mottagningen med psykoterapi, handledning och familjeterapi p\u00e5 S\u00f6dra Str\u00f6mgatan 15A i Alings\u00e5s.<br><br><strong>Den 1 mars<\/strong>\u00a02025 skapar S:t Lukas en st\u00f6rre regional organisation i v\u00e4stra Sverige. Detta sker genom att S:t Lukas i G\u00f6teborg AB startar upp en ny mottagning i Alings\u00e5s parallellt med att F\u00f6reningen S:t Lukas i Alings\u00e5s-Lerum avvecklar sin mottagningsverksamhet. Den nya organisationen kommer ha mottagningar i Alings\u00e5s, Sk\u00f6vde, Bor\u00e5s, M\u00f6lndal och G\u00f6teborg.\u00a0<br><strong>Varmt v\u00e4lkomna till S:t Lukas nya mottagning p\u00e5 G\u00f6teborgsv\u00e4gen 16 i Alings\u00e5s fr.o.m 1 mars<\/strong>.<br><br>\u2013 Efter ett m\u00e5ng\u00e5rigt regionalt samarbete inom S:t Lukas i v\u00e4stra Sverige \u00e4r vi v\u00e4ldigt glada \u00f6ver att nu \u00e4ven ta steget att skapa en gemensam organisation. Vi \u00e4r \u00f6vertygade om att detta kommer vara en positiv f\u00f6r\u00e4ndring f\u00f6r b\u00e5de de privatpersoner och de f\u00f6retag och organisationer som efterfr\u00e5gar v\u00e5ra tj\u00e4nster, s\u00e4ger Ingvor Svedjen\u00e4s, ordf\u00f6rande i nuvarande S:t Lukas i Alings\u00e5s-Lerum\u00a0<br><\/div>\n\n\n\n<h3 class=\"wp-block-sanktlukas-genericheading headline headline--small medium-green\">F\u00f6reningen \u00e4r under avveckling<\/h3>\n\n\n\n<div class=\"wp-block-sanktlukas-generictextblock textblock textblock--undefined\">Under 2025 avvecklas f\u00f6reningen och tar d\u00e4rf\u00f6r inte emot n\u00e5gra nya medlemmar.<br><\/div>\n\n\n\n<h3 class=\"wp-block-sanktlukas-genericheading headline headline--small medium-green\">Styrelse<\/h3>\n\n\n\n<ul class=\"wp-block-list\">\n<li>Ingvor Svedjen\u00e4s, ordf\u00f6rande, <a href=\"mailto:cornelia.norrby@.sanktlukas.se\">ingvor.svedjenas@sanktlukas.se<\/a><\/li>\n\n\n\n<li>Petra Roxenius<\/li>\n\n\n\n<li>Birgitta Ljungman<\/li>\n\n\n\n<li>Conny Andersson<\/li>\n<\/ul>\n\n\n\n<p><\/p>\n","protected":false},"excerpt":{"rendered":"","protected":false},"author":3,"featured_media":-1,"parent":0,"menu_order":0,"comment_status":"closed","ping_status":"closed","template":"","meta":{"_acf_changed":false,"footnotes":""},"class_list":["post-1","page","type-page","status-publish","has-post-thumbnail","hentry"],"acf":[],"_links":{"self":[{"href":"https:\/\/sanktlukas.se\/alingsas\/wp-json\/wp\/v2\/pages\/1","targetHints":{"allow":["GET"]}}],"collection":[{"href":"https:\/\/sanktlukas.se\/alingsas\/wp-json\/wp\/v2\/pages"}],"about":[{"href":"https:\/\/sanktlukas.se\/alingsas\/wp-json\/wp\/v2\/types\/page"}],"author":[{"embeddable":true,"href":"https:\/\/sanktlukas.se\/alingsas\/wp-json\/wp\/v2\/users\/3"}],"replies":[{"embeddable":true,"href":"https:\/\/sanktlukas.se\/alingsas\/wp-json\/wp\/v2\/comments?post=1"}],"version-history":[{"count":31,"href":"https:\/\/sanktlukas.se\/alingsas\/wp-json\/wp\/v2\/pages\/1\/revisions"}],"predecessor-version":[{"id":586,"href":"https:\/\/sanktlukas.se\/alingsas\/wp-json\/wp\/v2\/pages\/1\/revisions\/586"}],"wp:featuredmedia":[{"embeddable":true,"href":"https:\/\/sanktlukas.se\/alingsas\/wp-json\/"}],"wp:attachment":[{"href":"https:\/\/sanktlukas.se\/alingsas\/wp-json\/wp\/v2\/media?parent=1"}],"curies":[{"name":"wp","href":"https:\/\/api.w.org\/{rel}","templated":true}]}}