{"id":184,"date":"2021-10-13T15:25:57","date_gmt":"2021-10-13T13:25:57","guid":{"rendered":"https:\/\/sanktlukas.se\/alingsas\/?page_id=184"},"modified":"2023-02-05T17:41:35","modified_gmt":"2023-02-05T16:41:35","slug":"chefsstod","status":"publish","type":"page","link":"https:\/\/sanktlukas.se\/alingsas\/for-foretag-i-alingsas-med-omnejd\/chefsstod\/","title":{"rendered":"Chefsst\u00f6d"},"content":{"rendered":"\n<div class=\"wp-block-sanktlukas-pageblock page-block\">\n<h1 class=\"wp-block-sanktlukas-genericheading headline headline--large medium-green\">Chefsst\u00f6d<\/h1>\n\n\n\n<h3 class=\"wp-block-sanktlukas-genericheading headline headline--small medium-green\">Vi bygger starka ledare<\/h3>\n\n\n\n<div class=\"wp-block-sanktlukas-pagetext page-text\">Friska f\u00f6retag \u00e4r beroende av ett fungerande medarbetarskap och ledarskap. Samtidigt\u00a0\u00e4r ett ledarskap som uppn\u00e5r resultat och h\u00e5llbara arbetsplatser ingen maskin.\u00a0\u00c4ven chefen \u00e4r beroende av st\u00f6d och kontinuerlig utveckling.<br><\/div>\n\n\n\n<h3 class=\"wp-block-sanktlukas-genericheading headline headline--small medium-green\">Det goda f\u00f6retagsklimatet<\/h3>\n\n\n\n<div class=\"wp-block-sanktlukas-pagetext page-text\">Dagens arbetsplatser \u00e4r snabbr\u00f6rliga och komplicerade. Kraven p\u00e5 ledarskap \u00e4r\u00a0h\u00f6ga och chefen f\u00f6rv\u00e4ntas kunna hantera dagens arbetsplatser, b\u00e5de fysiskt n\u00e4rvarande\u00a0och p\u00e5 distans; fr\u00e5n psykisk oh\u00e4lsa hos medarbetare och rehabilitering till\u00a0arbetsmilj\u00f6, m\u00e5lstyrd verksamhet och att motivera anst\u00e4llda.<br>En extern handledare\u00a0tillf\u00f6r den extra dimension som beh\u00f6vs f\u00f6r att skapa utrymme f\u00f6r reflektion, personlig\u00a0utveckling och strategiskt t\u00e4nkande.<\/div>\n\n\n\n<h3 class=\"wp-block-sanktlukas-genericheading headline headline--small medium-green\">Handledning f\u00f6r chefer<\/h3>\n\n\n\n<div class=\"wp-block-sanktlukas-pagetext page-text\">Handledning f\u00f6r chefer sker enskilt eller i grupp och \u00e4r inriktad p\u00e5 att utveckla ledarskapsf\u00f6rm\u00e5gan\u00a0p\u00e5 olika s\u00e4tt. Genom att ta upp vardagliga utmaningar och problem\u00a0f\u00e5r man avlastning, chans att analysera orsak och verkan samt hj\u00e4lp att hitta strategier\u00a0f\u00f6r att komma vidare.\u00a0Tillsammans med handledaren analyserar och reflekterar\u00a0ni \u00f6ver dina styrkor och kompetenser. Detta bidrar till att din professionalitet \u00f6kar i\u00a0arbetet med kunder, partners och medarbetare. Samtidigt st\u00e4rks din identitet som\u00a0arbetsgivare och din f\u00f6rm\u00e5ga till situationsanpassning.<br><\/div>\n\n\n\n<h3 class=\"wp-block-sanktlukas-genericheading headline headline--small medium-green\">Kontakta oss<\/h3>\n\n\n\n<div class=\"wp-block-sanktlukas-pagetext page-text\">V\u00e4lkommen att kontakta oss p\u00e5:\u00a0<a href=\"mailto:alingsas@.sanktlukas.se\">alingsas@sanktlukas.se<\/a> och telefon 0322-638197.<\/div>\n<\/div>\n","protected":false},"excerpt":{"rendered":"","protected":false},"author":3,"featured_media":-1,"parent":180,"menu_order":0,"comment_status":"closed","ping_status":"closed","template":"","meta":{"_acf_changed":false,"footnotes":""},"class_list":["post-184","page","type-page","status-publish","has-post-thumbnail","hentry"],"acf":[],"_links":{"self":[{"href":"https:\/\/sanktlukas.se\/alingsas\/wp-json\/wp\/v2\/pages\/184","targetHints":{"allow":["GET"]}}],"collection":[{"href":"https:\/\/sanktlukas.se\/alingsas\/wp-json\/wp\/v2\/pages"}],"about":[{"href":"https:\/\/sanktlukas.se\/alingsas\/wp-json\/wp\/v2\/types\/page"}],"author":[{"embeddable":true,"href":"https:\/\/sanktlukas.se\/alingsas\/wp-json\/wp\/v2\/users\/3"}],"replies":[{"embeddable":true,"href":"https:\/\/sanktlukas.se\/alingsas\/wp-json\/wp\/v2\/comments?post=184"}],"version-history":[{"count":9,"href":"https:\/\/sanktlukas.se\/alingsas\/wp-json\/wp\/v2\/pages\/184\/revisions"}],"predecessor-version":[{"id":441,"href":"https:\/\/sanktlukas.se\/alingsas\/wp-json\/wp\/v2\/pages\/184\/revisions\/441"}],"up":[{"embeddable":true,"href":"https:\/\/sanktlukas.se\/alingsas\/wp-json\/wp\/v2\/pages\/180"}],"wp:featuredmedia":[{"embeddable":true,"href":"https:\/\/sanktlukas.se\/alingsas\/wp-json\/"}],"wp:attachment":[{"href":"https:\/\/sanktlukas.se\/alingsas\/wp-json\/wp\/v2\/media?parent=184"}],"curies":[{"name":"wp","href":"https:\/\/api.w.org\/{rel}","templated":true}]}}