{"id":1,"date":"2016-05-26T06:01:22","date_gmt":"2016-05-26T04:01:22","guid":{"rendered":"https:\/\/sanktlukas.se\/eskilstuna\/foreningen\/"},"modified":"2021-04-27T15:00:43","modified_gmt":"2021-04-27T13:00:43","slug":"foreningen","status":"publish","type":"page","link":"https:\/\/sanktlukas.se\/eskilstuna\/foreningen\/","title":{"rendered":"F\u00f6reningen S:t Lukas Norra S\u00f6rmland"},"content":{"rendered":"<p>S:t Lukas \u00e4r en riksomfattande ideell och allm\u00e4nnyttig organisation med 32 f\u00f6reningar i landet. Organisationen bildades 1939 av l\u00e4kare, pr\u00e4ster och socialarbetare.<\/p>\n<p>Den b\u00e4rande id\u00e9n var en gemensam syn p\u00e5 m\u00e4nniskan som en helhet med s\u00e5v\u00e4l fysiska, psykiska som existentiella och andliga behov. Med \u00f6ppenhet och respekt ville man ge m\u00e4nniskor m\u00f6jlighet att arbeta med sina psykiska problem och livsfr\u00e5gor. Tron p\u00e5 m\u00e4nniskans egna inre l\u00e4kande krafter och m\u00f6jligheter till personlig utveckling finns fortfarande med i S:t Lukas v\u00e4rdegrund.<\/p>\n<h3>F\u00f6reningen S:t Lukas Norra S\u00f6rmland<\/h3>\n<p>vill fr\u00e4mja samarbetet mellan f\u00f6retr\u00e4dare f\u00f6r olika m\u00e4nniskov\u00e5rdande yrken vill informera och v\u00e4cka opinion i fr\u00e5gor som r\u00f6r det inre livets betydelse f\u00f6r individer, grupper och organisationer.<\/p>\n<p>&nbsp;<\/p>\n<p>&nbsp;<\/p>\n<p><a href=\"https:\/\/sanktlukas.se\/eskilstuna\/wp-content\/uploads\/sites\/6\/\u00e4lvl\u00e4ge.jpg\"><img loading=\"lazy\" decoding=\"async\" class=\"alignnone size-medium wp-image-240\" src=\"https:\/\/sanktlukas.se\/eskilstuna\/wp-content\/uploads\/sites\/6\/\u00e4lvl\u00e4ge-600x450.jpg\" alt=\"\" width=\"600\" height=\"450\" srcset=\"https:\/\/sanktlukas.se\/eskilstuna\/wp-content\/uploads\/sites\/6\/\u00e4lvl\u00e4ge-600x450.jpg 600w, https:\/\/sanktlukas.se\/eskilstuna\/wp-content\/uploads\/sites\/6\/\u00e4lvl\u00e4ge-768x576.jpg 768w, https:\/\/sanktlukas.se\/eskilstuna\/wp-content\/uploads\/sites\/6\/\u00e4lvl\u00e4ge-1200x900.jpg 1200w, https:\/\/sanktlukas.se\/eskilstuna\/wp-content\/uploads\/sites\/6\/\u00e4lvl\u00e4ge.jpg 1627w\" sizes=\"auto, (max-width: 600px) 100vw, 600px\" \/><\/a><\/p>\n","protected":false},"excerpt":{"rendered":"<p>S:t Lukas \u00e4r en riksomfattande ideell och allm\u00e4nnyttig organisation med 32 f\u00f6reningar i landet. Organisationen bildades 1939 av l\u00e4kare, pr\u00e4ster och socialarbetare. Den b\u00e4rande id\u00e9n var en gemensam syn p\u00e5 m\u00e4nniskan som en helhet med s\u00e5v\u00e4l fysiska, psykiska som existentiella och andliga behov. Med \u00f6ppenhet och respekt ville man ge m\u00e4nniskor m\u00f6jlighet att arbeta med [&hellip;]<\/p>\n","protected":false},"author":3,"featured_media":240,"parent":0,"menu_order":0,"comment_status":"closed","ping_status":"closed","template":"","meta":{"_acf_changed":false,"footnotes":""},"class_list":["post-1","page","type-page","status-publish","has-post-thumbnail","hentry"],"acf":[],"_links":{"self":[{"href":"https:\/\/sanktlukas.se\/eskilstuna\/wp-json\/wp\/v2\/pages\/1","targetHints":{"allow":["GET"]}}],"collection":[{"href":"https:\/\/sanktlukas.se\/eskilstuna\/wp-json\/wp\/v2\/pages"}],"about":[{"href":"https:\/\/sanktlukas.se\/eskilstuna\/wp-json\/wp\/v2\/types\/page"}],"author":[{"embeddable":true,"href":"https:\/\/sanktlukas.se\/eskilstuna\/wp-json\/wp\/v2\/users\/3"}],"replies":[{"embeddable":true,"href":"https:\/\/sanktlukas.se\/eskilstuna\/wp-json\/wp\/v2\/comments?post=1"}],"version-history":[{"count":6,"href":"https:\/\/sanktlukas.se\/eskilstuna\/wp-json\/wp\/v2\/pages\/1\/revisions"}],"predecessor-version":[{"id":261,"href":"https:\/\/sanktlukas.se\/eskilstuna\/wp-json\/wp\/v2\/pages\/1\/revisions\/261"}],"wp:featuredmedia":[{"embeddable":true,"href":"https:\/\/sanktlukas.se\/eskilstuna\/wp-json\/wp\/v2\/media\/240"}],"wp:attachment":[{"href":"https:\/\/sanktlukas.se\/eskilstuna\/wp-json\/wp\/v2\/media?parent=1"}],"curies":[{"name":"wp","href":"https:\/\/api.w.org\/{rel}","templated":true}]}}