{"id":323,"date":"2022-11-01T09:31:56","date_gmt":"2022-11-01T08:31:56","guid":{"rendered":"https:\/\/sanktlukas.se\/eskilstuna\/?page_id=323"},"modified":"2023-01-27T13:59:55","modified_gmt":"2023-01-27T12:59:55","slug":"vagbeskrivning","status":"publish","type":"page","link":"https:\/\/sanktlukas.se\/eskilstuna\/vagbeskrivning\/","title":{"rendered":"V\u00e4gbeskrivning"},"content":{"rendered":"\n<p><strong>V\u00e4lkommen till S:t Lukas mottagning i Eskilstuna&nbsp;<\/strong><\/p>\n\n\n\n<p>Mottagningen ligger i Kyrkans hus i &#8221;Sm\u00f6rparken&#8221;  Entr\u00e9n ligger mot vattnet.\u00a0<\/p>\n\n\n\n<p>G\u00e5 in i f\u00f6rsta d\u00f6rren. Ring p\u00e5 porttelefonen till v\u00e4nster s\u00e5 \u00f6ppnas n\u00e4sta d\u00f6rr. <\/p>\n\n\n\n<p>Mottagningsrummet ligger \u00e5t v\u00e4nster. Det finns inget v\u00e4ntrum s\u00e5 anl\u00e4nd vid tiden f\u00f6r det bokade bes\u00f6ket.\u00a0<\/p>\n\n\n\n<p>Tyv\u00e4rr inte till\u00e5tet att parkera utanf\u00f6r byggnaden.<\/p>\n\n\n\n<p> \u00a0<\/p>\n","protected":false},"excerpt":{"rendered":"<p>V\u00e4lkommen till S:t Lukas mottagning i Eskilstuna&nbsp; Mottagningen ligger i Kyrkans hus i &#8221;Sm\u00f6rparken&#8221; Entr\u00e9n ligger mot vattnet.\u00a0 G\u00e5 in i f\u00f6rsta d\u00f6rren. Ring p\u00e5 porttelefonen till v\u00e4nster s\u00e5 \u00f6ppnas n\u00e4sta d\u00f6rr. Mottagningsrummet ligger \u00e5t v\u00e4nster. Det finns inget v\u00e4ntrum s\u00e5 anl\u00e4nd vid tiden f\u00f6r det bokade bes\u00f6ket.\u00a0 Tyv\u00e4rr inte till\u00e5tet att parkera utanf\u00f6r byggnaden. [&hellip;]<\/p>\n","protected":false},"author":3,"featured_media":0,"parent":0,"menu_order":0,"comment_status":"closed","ping_status":"closed","template":"","meta":{"_acf_changed":false,"footnotes":""},"class_list":["post-323","page","type-page","status-publish","hentry"],"acf":[],"_links":{"self":[{"href":"https:\/\/sanktlukas.se\/eskilstuna\/wp-json\/wp\/v2\/pages\/323","targetHints":{"allow":["GET"]}}],"collection":[{"href":"https:\/\/sanktlukas.se\/eskilstuna\/wp-json\/wp\/v2\/pages"}],"about":[{"href":"https:\/\/sanktlukas.se\/eskilstuna\/wp-json\/wp\/v2\/types\/page"}],"author":[{"embeddable":true,"href":"https:\/\/sanktlukas.se\/eskilstuna\/wp-json\/wp\/v2\/users\/3"}],"replies":[{"embeddable":true,"href":"https:\/\/sanktlukas.se\/eskilstuna\/wp-json\/wp\/v2\/comments?post=323"}],"version-history":[{"count":2,"href":"https:\/\/sanktlukas.se\/eskilstuna\/wp-json\/wp\/v2\/pages\/323\/revisions"}],"predecessor-version":[{"id":340,"href":"https:\/\/sanktlukas.se\/eskilstuna\/wp-json\/wp\/v2\/pages\/323\/revisions\/340"}],"wp:attachment":[{"href":"https:\/\/sanktlukas.se\/eskilstuna\/wp-json\/wp\/v2\/media?parent=323"}],"curies":[{"name":"wp","href":"https:\/\/api.w.org\/{rel}","templated":true}]}}