{"id":88,"date":"2017-03-09T13:01:49","date_gmt":"2017-03-09T12:01:49","guid":{"rendered":"https:\/\/sanktlukas.se\/eskilstuna\/?page_id=88"},"modified":"2022-05-24T10:08:04","modified_gmt":"2022-05-24T08:08:04","slug":"program","status":"publish","type":"page","link":"https:\/\/sanktlukas.se\/eskilstuna\/foreningen\/program\/","title":{"rendered":"Program"},"content":{"rendered":"\n<p>OBS<strong>, nu startar vi om se nedan<\/strong><\/p>\n\n\n\n<h1 class=\"wp-block-heading\">H\u00f6stens program 2022, vi forts\u00e4tter med p\u00e5g\u00e5ende samtalsserie n\u00e5gra g\u00e5nger till under h\u00f6sten 2022<\/h1>\n\n\n\n<p><\/p>\n\n\n\n<h2 class=\"wp-block-heading\">Sankt Lukas Norra S\u00f6rmland, S:t Eskilskyrkan och studief\u00f6rbundet Sensus<\/h2>\n\n\n\n<h2 class=\"wp-block-heading\">Inbjuder till forts\u00e4ttning p\u00e5 samtalscirkeln om f\u00f6rfattaren Daniel Hafners bok&#8221; Skatter i lerk\u00e4rl&#8221;.<\/h2>\n\n\n\n<p>Fri entr\u00e9<\/p>\n\n\n\n<h3 class=\"wp-block-heading\">I korta ber\u00e4ttelser<b>\u202f<\/b>f\u00e5ngar&nbsp;Hafner&nbsp;vardagens h\u00e4ndelser och leder dem in i djupa reflektioner.&nbsp;Enkla upplevelser som landar i ett sammanhang. Daniel&nbsp;Hafner&nbsp;citerar S\u00f6ren Kierkegaard: \u201dLivet kan bara f\u00f6rst\u00e5s bakl\u00e4nges, men det m\u00e5ste levas framl\u00e4nges\u201d.<\/h3>\n\n\n\n<h3 class=\"wp-block-heading\">&nbsp;<\/h3>\n\n\n\n<p><i>Varje m\u00e4nniska \u00e4r fylld av ber\u00e4ttelser som rymmer m\u00f6ten med de stora fr\u00e5gorna om tro, hopp och k\u00e4rlek, om beg\u00e4r och f\u00f6rtvivlan, om f\u00f6rsoning och f\u00f6rnyelse.<\/i><\/p>\n\n\n\n<p><i>Det finns en urkraft i att formulera sin egen ber\u00e4ttelse, att \u00e4ga sin historia och utforska de inre djupen. Genom att s\u00f6ka svar p\u00e5 de existentiella fr\u00e5gorna blir det l\u00e4ttare att fatta beslut som g\u00f6r det m\u00f6jligt att leva sitt liv s\u00e5 n\u00e4ra sina innersta \u00f6vertygelser som m\u00f6jligt.<\/i><\/p>\n\n\n\n<p><i>Boken inneh\u00e5ller 49 personliga ber\u00e4ttelser att ha som utg\u00e5ngspunkt och hj\u00e4lp f\u00f6r vidare samtal i grupp eller som utmaning f\u00f6r egen reflektion. Till varje text finns fr\u00e5gor som fungerar som pratstartare eller tankesporre.\u201d<\/i><\/p>\n\n\n\n<p>F\u00f6r deltagarna kommer&nbsp;Sensus&nbsp;att bekosta boken.<\/p>\n\n\n\n<p>VARMT V\u00c4LKOMNA!<\/p>\n\n\n\n<p>Datum f\u00f6r h\u00f6sten kommer senare.<\/p>\n\n\n\n<p><\/p>\n\n\n\n<figure class=\"wp-block-pullquote\"><blockquote><p><\/p><\/blockquote><\/figure>\n\n\n\n<h4 class=\"wp-block-heading\"><strong>&nbsp;<\/strong><\/h4>\n\n\n\n<h4 class=\"wp-block-heading\">&nbsp;<\/h4>\n\n\n\n<h1 class=\"wp-block-heading\"><span style=\"font-size: 12.0pt;color: black\">&nbsp;<\/span><\/h1>\n\n\n\n<h3 class=\"wp-block-heading\"><span class=\"rpHighlightAllClass rpHighlightBodyClass\">&nbsp;<\/span><\/h3>\n\n\n\n<div class=\"_rp_g4 ms-font-color-themePrimary rpHighlightAllClass rpHighlightFromClass ms-font-l ms-font-weight-regular ms-font-color-neutralPrimary\">&nbsp;<\/div>\n\n\n\n<div class=\"_rp_m4 ms-font-weight-regular ms-font-color-neutralSecondary leftColumn ms-font-s\"><span class=\"rpHighlightAllClass rpHighlightBodyClass\">&nbsp;<\/span><\/div>\n\n\n\n<div id=\"sidebarContainer\">&nbsp;<\/div>\n\n\n\n<div id=\"mainContainer\">&nbsp;<\/div>\n\n\n\n<div class=\"toolbarButtonSpacer\">&nbsp;<\/div>\n\n\n\n<div class=\"splitToolbarButton\">&nbsp;<\/div>\n\n\n\n<h3 class=\"wp-block-heading\">&nbsp;<\/h3>\n\n\n\n<div id=\"toolbarViewerRight\">&nbsp;<\/div>\n\n\n\n<div>&nbsp;<\/div>\n\n\n\n<div>&nbsp;<\/div>\n\n\n\n<div>&nbsp;<\/div>\n\n\n\n<div>&nbsp;<\/div>\n\n\n\n<div>&nbsp;<\/div>\n\n\n\n<div id=\"outerContainer\">&nbsp;<\/div>\n","protected":false},"excerpt":{"rendered":"<p>OBS, nu startar vi om se nedan H\u00f6stens program 2022, vi forts\u00e4tter med p\u00e5g\u00e5ende samtalsserie n\u00e5gra g\u00e5nger till under h\u00f6sten 2022 Sankt Lukas Norra S\u00f6rmland, S:t Eskilskyrkan och studief\u00f6rbundet Sensus Inbjuder till forts\u00e4ttning p\u00e5 samtalscirkeln om f\u00f6rfattaren Daniel Hafners bok&#8221; Skatter i lerk\u00e4rl&#8221;. Fri entr\u00e9 I korta ber\u00e4ttelser\u202ff\u00e5ngar&nbsp;Hafner&nbsp;vardagens h\u00e4ndelser och leder dem in i djupa [&hellip;]<\/p>\n","protected":false},"author":42,"featured_media":-1,"parent":1,"menu_order":3,"comment_status":"closed","ping_status":"closed","template":"","meta":{"_acf_changed":false,"footnotes":""},"class_list":["post-88","page","type-page","status-publish","has-post-thumbnail","hentry"],"acf":[],"_links":{"self":[{"href":"https:\/\/sanktlukas.se\/eskilstuna\/wp-json\/wp\/v2\/pages\/88","targetHints":{"allow":["GET"]}}],"collection":[{"href":"https:\/\/sanktlukas.se\/eskilstuna\/wp-json\/wp\/v2\/pages"}],"about":[{"href":"https:\/\/sanktlukas.se\/eskilstuna\/wp-json\/wp\/v2\/types\/page"}],"author":[{"embeddable":true,"href":"https:\/\/sanktlukas.se\/eskilstuna\/wp-json\/wp\/v2\/users\/42"}],"replies":[{"embeddable":true,"href":"https:\/\/sanktlukas.se\/eskilstuna\/wp-json\/wp\/v2\/comments?post=88"}],"version-history":[{"count":72,"href":"https:\/\/sanktlukas.se\/eskilstuna\/wp-json\/wp\/v2\/pages\/88\/revisions"}],"predecessor-version":[{"id":308,"href":"https:\/\/sanktlukas.se\/eskilstuna\/wp-json\/wp\/v2\/pages\/88\/revisions\/308"}],"up":[{"embeddable":true,"href":"https:\/\/sanktlukas.se\/eskilstuna\/wp-json\/wp\/v2\/pages\/1"}],"wp:featuredmedia":[{"embeddable":true,"href":"https:\/\/sanktlukas.se\/eskilstuna\/wp-json\/"}],"wp:attachment":[{"href":"https:\/\/sanktlukas.se\/eskilstuna\/wp-json\/wp\/v2\/media?parent=88"}],"curies":[{"name":"wp","href":"https:\/\/api.w.org\/{rel}","templated":true}]}}