{"id":507,"date":"2020-11-18T09:36:32","date_gmt":"2020-11-18T08:36:32","guid":{"rendered":"https:\/\/sanktlukas.se\/falun\/?page_id=507"},"modified":"2026-01-07T10:31:35","modified_gmt":"2026-01-07T09:31:35","slug":"villkor","status":"publish","type":"page","link":"https:\/\/sanktlukas.se\/falun\/villkor\/","title":{"rendered":"Villkor"},"content":{"rendered":"\n<div class=\"wp-block-sanktlukas-pageblock page-block\">\n<h2 class=\"wp-block-sanktlukas-genericheading headline headline--medium medium-green\">Villkor<\/h2>\n\n\n\n<div class=\"wp-block-sanktlukas-pagetext page-text\"><strong>Journalf\u00f6ring<\/strong>\u00a0<br>Vi \u00e4r enligt lag skyldiga att f\u00f6ra journal med personuppgifter, datum f\u00f6r dina samtal och kortfattade anteckningar om samtalskontakten. Din journal handhas och lagras med h\u00f6gsta konfidentialitet. S:t Lukas till\u00e4mpar sammanh\u00e5llen journalf\u00f6ring. Enligt dataskyddsf\u00f6rordningen GDPR registreras dina personuppgifter och hanteras p\u00e5 ett tryggt s\u00e4tt. Du kan l\u00e4sa mer om detta p\u00e5 v\u00e5r hemsida\u00a0<a href=\"http:\/\/www.sanktlukas.se\/\">http:\/\/www.sanktlukas.se<\/a>\u00a0eller fr\u00e5ga din terapeut f\u00f6r ytterligare info. V\u00e5rt journalsystem \u00e4r inte kopplat till andra system, som t.ex. Region Dalarna eller annan sjukv\u00e5rd. Efter avslutad terapi sparas din journal hos oss under tio \u00e5r, varefter den raderas.\u00a0Du kan l\u00e4sa mer om hur vi behandlar dina personuppgifter enligt GDPR i v\u00e5r\u00a0<a href=\"https:\/\/sanktlukas.se\/om-oss\/integritetspolicy\/\">integritetspolicy<\/a>.<br><br><strong>Betalning och \u00e5terbud<\/strong>\u00a0<br>Du betalar f\u00f6r de samtalstimmar du bokat med din terapeut. Priset \u00e4r f\u00f6r n\u00e4rvarande 1240 kr per samtalstimme.\u00a0L\u00e4mnar du \u00e5terbud senare \u00e4n fem dygn innan avtalad tid debiteras du med halva avgiften f\u00f6r bes\u00f6ket. Uteblivet bes\u00f6k debiteras med hel avgift.\u00a0<br>\u00a0<br>F\u00f6r dig som \u00e4r f\u00f6retagskund g\u00e4ller oftast s\u00e4rskilda avtal och \u00f6verenskommelser. Prata med din terapeut, n\u00e4rmaste chef eller HR-funktion om du \u00e4r os\u00e4ker. En samtalstimme \u00e4r vanligen 45-50 minuter.\u00a0<br><br><strong>Kvalitetss\u00e4kring<\/strong>\u00a0<br>P\u00e5 S:t Lukas Dalarna efterstr\u00e4var vi en h\u00f6g kvalit\u00e9 i allt v\u00e5rt arbete. Vi arbetar utifr\u00e5n g\u00e4llande lagar och best\u00e4mmelser, Socialstyrelsens och Inspektionen f\u00f6r v\u00e5rd och omsorgs (IVO) riktlinjer, samt v\u00e5r egen kvalitetspolicy och v\u00e4rdegrund. Efter avslutad terapi\/samtalsserie vill vi g\u00e4rna att du fyller i en enk\u00e4t f\u00f6r v\u00e5r kvalitetss\u00e4kring. Denna bearbetas anonymt och hj\u00e4lper oss att f\u00f6rb\u00e4ttra och utveckla v\u00e5rt arbete. Din terapeut kommer att skicka den via sms till dig och du fyller i den digitalt.<br><br><\/div>\n<\/div>\n","protected":false},"excerpt":{"rendered":"","protected":false},"author":18,"featured_media":-1,"parent":0,"menu_order":0,"comment_status":"closed","ping_status":"closed","template":"","meta":{"_acf_changed":false,"footnotes":""},"class_list":["post-507","page","type-page","status-publish","has-post-thumbnail","hentry"],"acf":[],"_links":{"self":[{"href":"https:\/\/sanktlukas.se\/falun\/wp-json\/wp\/v2\/pages\/507","targetHints":{"allow":["GET"]}}],"collection":[{"href":"https:\/\/sanktlukas.se\/falun\/wp-json\/wp\/v2\/pages"}],"about":[{"href":"https:\/\/sanktlukas.se\/falun\/wp-json\/wp\/v2\/types\/page"}],"author":[{"embeddable":true,"href":"https:\/\/sanktlukas.se\/falun\/wp-json\/wp\/v2\/users\/18"}],"replies":[{"embeddable":true,"href":"https:\/\/sanktlukas.se\/falun\/wp-json\/wp\/v2\/comments?post=507"}],"version-history":[{"count":6,"href":"https:\/\/sanktlukas.se\/falun\/wp-json\/wp\/v2\/pages\/507\/revisions"}],"predecessor-version":[{"id":1139,"href":"https:\/\/sanktlukas.se\/falun\/wp-json\/wp\/v2\/pages\/507\/revisions\/1139"}],"wp:featuredmedia":[{"embeddable":true,"href":"https:\/\/sanktlukas.se\/falun\/wp-json\/"}],"wp:attachment":[{"href":"https:\/\/sanktlukas.se\/falun\/wp-json\/wp\/v2\/media?parent=507"}],"curies":[{"name":"wp","href":"https:\/\/api.w.org\/{rel}","templated":true}]}}