{"id":576,"date":"2022-03-09T08:51:59","date_gmt":"2022-03-09T07:51:59","guid":{"rendered":"https:\/\/sanktlukas.se\/falun\/?page_id=576"},"modified":"2025-12-30T21:20:47","modified_gmt":"2025-12-30T20:20:47","slug":"psykoterapi","status":"publish","type":"page","link":"https:\/\/sanktlukas.se\/falun\/psykoterapi\/","title":{"rendered":"Psykoterapi"},"content":{"rendered":"\n<h1 class=\"wp-block-sanktlukas-genericheading headline headline--large medium-green\">Psykoterapi<\/h1>\n\n\n\n<figure class=\"wp-block-image size-large\"><a href=\"https:\/\/sanktlukas.se\/falun\/wp-content\/uploads\/sites\/8\/Aldre-man-pratar-med-yngre_kopt-bild.jpg\"><img loading=\"lazy\" decoding=\"async\" width=\"1200\" height=\"780\" src=\"https:\/\/sanktlukas.se\/falun\/wp-content\/uploads\/sites\/8\/Aldre-man-pratar-med-yngre_kopt-bild-1200x780.jpg\" alt=\"\" class=\"wp-image-810\" srcset=\"https:\/\/sanktlukas.se\/falun\/wp-content\/uploads\/sites\/8\/Aldre-man-pratar-med-yngre_kopt-bild-1200x780.jpg 1200w, https:\/\/sanktlukas.se\/falun\/wp-content\/uploads\/sites\/8\/Aldre-man-pratar-med-yngre_kopt-bild-600x390.jpg 600w, https:\/\/sanktlukas.se\/falun\/wp-content\/uploads\/sites\/8\/Aldre-man-pratar-med-yngre_kopt-bild-768x499.jpg 768w, https:\/\/sanktlukas.se\/falun\/wp-content\/uploads\/sites\/8\/Aldre-man-pratar-med-yngre_kopt-bild.jpg 1311w\" sizes=\"auto, (max-width: 1200px) 100vw, 1200px\" \/><\/a><\/figure>\n\n\n\n<div class=\"wp-block-sanktlukas-generictextblock textblock textblock--undefined\">\u00a0<br>Till oss kan du komma som privatperson f\u00f6r psykoterapi eller genom din arbetsgivare f\u00f6r samtalsst\u00f6d. Hos v\u00e5r\u00a0<a href=\"https:\/\/sanktlukas.se\/falun\/personal\/\">personal<\/a>\u00a0finns bred kompetens av olika typer av samtal och metoder f\u00f6r psykoterapeutisk behandling. Gemensamt f\u00f6r oss \u00e4r det relationella perspektivet som inneb\u00e4r att psykoterapi \u00e4r n\u00e5got som utformas tillsammans i terapirummet, utifr\u00e5n dina unika behov.<\/div>\n\n\n\n<h3 class=\"wp-block-sanktlukas-genericheading headline headline--small medium-green\">Boka terapisamtal<\/h3>\n\n\n\n<div class=\"wp-block-sanktlukas-generictextblock textblock textblock--undefined\">Boka din f\u00f6rsta tid via <a href=\"https:\/\/sanktlukas.se\/falun\/\">bokningsfunktionen<\/a>.  Hittar du ingen tid som passar, fyll i formul\u00e4ret l\u00e4ngre ner s\u00e5 ringer vi upp dig f\u00f6r att h\u00f6ra mer om dina behov och komplettera dina kontaktuppgifter.<br><br>Du kan \u00e4ven ringa 023-705040 och l\u00e4mna dina uppgifter s\u00e5 ringer vi upp under v\u00e5ra telefontider: m\u00e5ndagar, onsdagar och torsdagar kl. 13.00\u201313.30 eller tisdagar 8.30-9.00. Om det \u00e4r sv\u00e5rt att komma fram, l\u00e4mna ett meddelande s\u00e5 \u00e5terkommer vi s\u00e5 snart vi kan. Aktuell v\u00e4ntetid f\u00e5r du vid \u00e5teruppringning.<\/div>\n\n\n\n<h3 class=\"wp-block-sanktlukas-genericheading headline headline--small medium-green\">Priser f\u00f6r terapi<\/h3>\n\n\n\n<div class=\"wp-block-sanktlukas-generictextblock textblock textblock--undefined\">V\u00e5rt ordinarie pris \u00e5r 2026 f\u00f6r individualterapi (tid 45-50 min) \u00e4r 1.240 kr\/samtalstillf\u00e4lle och 2050 f\u00f6r parterapi (75 min). Du kan enkelt betala med Swish p\u00e5 v\u00e5r mottagning.<br>F\u00f6r specifik traumabehandling som EMDR och Prolonged Exposure g\u00e4ller andra villkor, kontakta mottagningen f\u00f6r mer information om det.<br><br><strong>Avbokningsregler<\/strong><br>Vid avbokning senare \u00e4n fem dagar innan samtalstiden debiteras halva priset. Vid uteblivet bes\u00f6k debiteras hela kostnaden.<\/div>\n\n\n\n<h3 class=\"wp-block-sanktlukas-genericheading headline headline--small medium-green\">Personuppgifter<\/h3>\n\n\n\n<div class=\"wp-block-sanktlukas-generictextblock textblock textblock--undefined\">N\u00e4r du kontaktar oss kan vi komma att spara dina personuppgifter. L\u00e4s mer om detta i v\u00e5r\u00a0<a href=\"https:\/\/sanktlukas.se\/om-oss\/integritetspolicy\/\">integritetspolicy<\/a>.<\/div>\n\n\n\n<h3 class=\"wp-block-sanktlukas-genericheading headline headline--small medium-green\">Patients\u00e4kerhet<\/h3>\n\n\n\n<div class=\"wp-block-sanktlukas-generictextblock textblock textblock--undefined\">Om du vill ta del av v\u00e5r patients\u00e4kerhetsber\u00e4ttelse kan du kontakta verksamhetschef Amanda Held p\u00e5 <a href=\"mailto:amanda.held@sanktlukas.se\">amanda.held@sanktlukas.se<\/a>, <a href=\"tel:023-705049\">023-70 50 49<\/a>, <a href=\"tel:076-4929801\">076-492 98 01<\/a>.<br><\/div>\n\n\n\n<div class=\"wp-block-contact-form-7-contact-form-selector\">\n<div class=\"wpcf7 no-js\" id=\"wpcf7-f753-o1\" lang=\"sv-SE\" dir=\"ltr\" data-wpcf7-id=\"753\">\n<div class=\"screen-reader-response\"><p role=\"status\" aria-live=\"polite\" aria-atomic=\"true\"><\/p> <ul><\/ul><\/div>\n<form action=\"\/falun\/wp-json\/wp\/v2\/pages\/576#wpcf7-f753-o1\" method=\"post\" class=\"wpcf7-form init\" aria-label=\"Kontaktformul\u00e4r\" novalidate=\"novalidate\" data-status=\"init\">\n<fieldset class=\"hidden-fields-container\"><input type=\"hidden\" name=\"_wpcf7\" value=\"753\" \/><input type=\"hidden\" name=\"_wpcf7_version\" value=\"6.1.5\" \/><input type=\"hidden\" name=\"_wpcf7_locale\" value=\"sv_SE\" \/><input type=\"hidden\" name=\"_wpcf7_unit_tag\" value=\"wpcf7-f753-o1\" \/><input type=\"hidden\" name=\"_wpcf7_container_post\" value=\"0\" \/><input type=\"hidden\" name=\"_wpcf7_posted_data_hash\" value=\"\" \/>\n<\/fieldset>\n<p><label> Ditt namn<br \/>\n<span class=\"wpcf7-form-control-wrap\" data-name=\"your-name\"><input size=\"40\" maxlength=\"400\" class=\"wpcf7-form-control wpcf7-text wpcf7-validates-as-required\" aria-required=\"true\" aria-invalid=\"false\" value=\"\" type=\"text\" name=\"your-name\" \/><\/span> <\/label>\n<\/p>\n<p><label> Ditt telefonnummer<br \/>\n<span class=\"wpcf7-form-control-wrap\" data-name=\"your-number\"><input size=\"40\" maxlength=\"400\" class=\"wpcf7-form-control wpcf7-text wpcf7-validates-as-required\" aria-required=\"true\" aria-invalid=\"false\" value=\"\" type=\"text\" name=\"your-number\" \/><\/span> <\/label>\n<\/p>\n<p><label> Din e-post<br \/>\n<span class=\"wpcf7-form-control-wrap\" data-name=\"your-email\"><input size=\"40\" maxlength=\"400\" class=\"wpcf7-form-control wpcf7-email wpcf7-validates-as-required wpcf7-text wpcf7-validates-as-email\" aria-required=\"true\" aria-invalid=\"false\" value=\"\" type=\"email\" name=\"your-email\" \/><\/span> <\/label>\n<\/p>\n<p><label> Meddelande, ej personnummer (valfritt)<br \/>\n<span class=\"wpcf7-form-control-wrap\" data-name=\"your-message\"><textarea cols=\"40\" rows=\"10\" maxlength=\"2000\" class=\"wpcf7-form-control wpcf7-textarea\" aria-invalid=\"false\" name=\"your-message\"><\/textarea><\/span> <\/label>\n<\/p>\n<p><input class=\"wpcf7-form-control wpcf7-submit has-spinner\" type=\"submit\" value=\"Skicka\" \/>\n<\/p><div class=\"wpcf7-response-output\" aria-hidden=\"true\"><\/div>\n<\/form>\n<\/div>\n<\/div>\n","protected":false},"excerpt":{"rendered":"","protected":false},"author":18,"featured_media":0,"parent":0,"menu_order":0,"comment_status":"closed","ping_status":"closed","template":"","meta":{"_acf_changed":false,"footnotes":""},"class_list":["post-576","page","type-page","status-publish","hentry"],"acf":[],"_links":{"self":[{"href":"https:\/\/sanktlukas.se\/falun\/wp-json\/wp\/v2\/pages\/576","targetHints":{"allow":["GET"]}}],"collection":[{"href":"https:\/\/sanktlukas.se\/falun\/wp-json\/wp\/v2\/pages"}],"about":[{"href":"https:\/\/sanktlukas.se\/falun\/wp-json\/wp\/v2\/types\/page"}],"author":[{"embeddable":true,"href":"https:\/\/sanktlukas.se\/falun\/wp-json\/wp\/v2\/users\/18"}],"replies":[{"embeddable":true,"href":"https:\/\/sanktlukas.se\/falun\/wp-json\/wp\/v2\/comments?post=576"}],"version-history":[{"count":31,"href":"https:\/\/sanktlukas.se\/falun\/wp-json\/wp\/v2\/pages\/576\/revisions"}],"predecessor-version":[{"id":1137,"href":"https:\/\/sanktlukas.se\/falun\/wp-json\/wp\/v2\/pages\/576\/revisions\/1137"}],"wp:attachment":[{"href":"https:\/\/sanktlukas.se\/falun\/wp-json\/wp\/v2\/media?parent=576"}],"curies":[{"name":"wp","href":"https:\/\/api.w.org\/{rel}","templated":true}]}}