{"id":587,"date":"2023-11-15T11:54:58","date_gmt":"2023-11-15T10:54:58","guid":{"rendered":"https:\/\/sanktlukas.se\/gavle-sandviken\/?page_id=587"},"modified":"2026-04-22T16:34:55","modified_gmt":"2026-04-22T14:34:55","slug":"fonder","status":"publish","type":"page","link":"https:\/\/sanktlukas.se\/gavle-sandviken\/fonder\/","title":{"rendered":"Bidrag fr\u00e5n fonder 2025"},"content":{"rendered":"\n<h2 class=\"wp-block-heading\">Bidrag fr\u00e5n fonder 2025<\/h2>\n\n\n\n<p>S:t Lukas G\u00e4vleborg har f\u00f6r \u00e5r 2025 f\u00e5tt ekonomiska bidrag fr\u00e5n nedanst\u00e5ende fonder\/stiftelser. Dessa medel g\u00f6r det m\u00f6jligt f\u00f6r oss att erbjuda psykoterapier till reducerad avgift. Bidragen riktar sig till personer inom vissa m\u00e5lgrupper folkbokf\u00f6rda i G\u00e4vle och Sandvikens kommun samt inom G\u00e4vle f\u00f6rsamlings geografiska omr\u00e5de. F\u00f6r att boka samtal till reducerad avgift eller f\u00f6r mer information<a href=\"https:\/\/sanktlukas.se\/gavle-sandviken\/kontakt\/\" data-type=\"page\" data-id=\"5\"> kontakta mottagningen. <\/a><\/p>\n\n\n\n<p><\/p>\n\n\n\n<p><strong>Albert och Anna G\u00f6ranssons minne<\/strong><\/p>\n\n\n\n<p>Bidraget fr\u00e5n stiftelsen riktar sig till vuxna folkbokf\u00f6rda i Sandvikens kommun.<\/p>\n\n\n\n<p><a href=\"https:\/\/www.goranssonska.com\/vara-stiftelser\/albert-och-anna-goranssons-minne\/\">Albert och Anna G\u00f6ranssons Minne | G\u00f6ranssonska Stiftelserna (goranssonska.com)<\/a><\/p>\n\n\n\n<p><strong>Sigrid G\u00f6ranssons stiftelse<\/strong><\/p>\n\n\n\n<p>Bidraget fr\u00e5n stiftelsen riktar sig till ungdomar och unga vuxna mellan 16 och 25 \u00e5r folkbokf\u00f6rda i Sandvikens kommun.<\/p>\n\n\n\n<p><a href=\"https:\/\/www.goranssonska.com\/vara-stiftelser\/sigrid-goranssons-stiftelse\/\">Sigrid G\u00f6ranssons stiftelse | G\u00f6ranssonska Stiftelserna (goranssonska.com)<\/a><\/p>\n\n\n\n<p><strong>Stiftelsen Adolf Grapes minne<\/strong><\/p>\n\n\n\n<p>Bidraget fr\u00e5n stiftelsen riktar sig till ungdomar fr.o.m. 16 \u00e5r, unga vuxna och vuxna folkbokf\u00f6rda i G\u00e4vle kommun.<\/p>\n\n\n\n<p><a href=\"http:\/\/grapesminne.se\/\">Stiftelsen Adolf Grapes Minne \u00bb Bidrag<\/a><\/p>\n\n\n\n<p><strong>Handelssocieteten Gefle<\/strong>&#8211; Ej aktuell f\u00f6r n\u00e4rvarande <\/p>\n\n\n\n<p>Bidraget fr\u00e5n stiftelsen riktar sig till ungdomar och unga vuxna mellan 16 och 25 \u00e5r folkbokf\u00f6rda i G\u00e4vle kommun.<\/p>\n\n\n\n<p><a href=\"https:\/\/www.handelssocieteten.se\/\">Hem &#8211; Handelssocieteten i Gefle<\/a><\/p>\n\n\n\n<p><strong>Diakonif\u00f6reningen i G\u00e4vle<\/strong><\/p>\n\n\n\n<p>Bidraget fr\u00e5n diakonif\u00f6reningen riktar sig till alla folkbokf\u00f6rda inom G\u00e4vle f\u00f6rsamlings geografiska omr\u00e5de vilket innefattar Heliga trefalidighets-, Bomhus-, Staffan- eller Maria f\u00f6rsamling. Du kan p\u00e5 Svenska kyrkans hemsida s\u00f6ka p\u00e5 vilket f\u00f6rsamlingsomr\u00e5de du tillh\u00f6r. Medlemskap i Svenska kyrkan \u00e4r inget krav.<\/p>\n\n\n\n<p><a href=\"https:\/\/diakoniforeningen.se\/start\/\">diakoniforeningen.se\/start\/<\/a><\/p>\n\n\n\n<h2 class=\"wp-block-heading\">Prislista f\u00f6r fondsubventionerade samtal<\/h2>\n\n\n\n<p>Fondsubventionerade samtal sker till en sj\u00e4lvkostnadsavgift: <\/p>\n\n\n\n<ul class=\"wp-block-list\">\n<li>F\u00f6r dig under 20 \u00e5r \u00e4r samtalet kostnadsfritt.<\/li>\n\n\n\n<li>F\u00f6r dig mellan 20-25 \u00e5r \u00e4r kostnaden 100 kr\/samtal.<\/li>\n\n\n\n<li>F\u00f6r dig \u00f6ver 25 \u00e5r \u00e4r kostnaden 200 kr\/samtal. <\/li>\n<\/ul>\n","protected":false},"excerpt":{"rendered":"<p>Bidrag fr\u00e5n fonder 2025 S:t Lukas G\u00e4vleborg har f\u00f6r \u00e5r 2025 f\u00e5tt ekonomiska bidrag fr\u00e5n nedanst\u00e5ende fonder\/stiftelser. Dessa medel g\u00f6r det m\u00f6jligt f\u00f6r oss att erbjuda psykoterapier till reducerad avgift. Bidragen riktar sig till personer inom vissa m\u00e5lgrupper folkbokf\u00f6rda i G\u00e4vle och Sandvikens kommun samt inom G\u00e4vle f\u00f6rsamlings geografiska omr\u00e5de. F\u00f6r att boka samtal till [&hellip;]<\/p>\n","protected":false},"author":40,"featured_media":0,"parent":0,"menu_order":0,"comment_status":"closed","ping_status":"closed","template":"","meta":{"_acf_changed":false,"footnotes":""},"class_list":["post-587","page","type-page","status-publish","hentry"],"acf":[],"_links":{"self":[{"href":"https:\/\/sanktlukas.se\/gavle-sandviken\/wp-json\/wp\/v2\/pages\/587","targetHints":{"allow":["GET"]}}],"collection":[{"href":"https:\/\/sanktlukas.se\/gavle-sandviken\/wp-json\/wp\/v2\/pages"}],"about":[{"href":"https:\/\/sanktlukas.se\/gavle-sandviken\/wp-json\/wp\/v2\/types\/page"}],"author":[{"embeddable":true,"href":"https:\/\/sanktlukas.se\/gavle-sandviken\/wp-json\/wp\/v2\/users\/40"}],"replies":[{"embeddable":true,"href":"https:\/\/sanktlukas.se\/gavle-sandviken\/wp-json\/wp\/v2\/comments?post=587"}],"version-history":[{"count":42,"href":"https:\/\/sanktlukas.se\/gavle-sandviken\/wp-json\/wp\/v2\/pages\/587\/revisions"}],"predecessor-version":[{"id":855,"href":"https:\/\/sanktlukas.se\/gavle-sandviken\/wp-json\/wp\/v2\/pages\/587\/revisions\/855"}],"wp:attachment":[{"href":"https:\/\/sanktlukas.se\/gavle-sandviken\/wp-json\/wp\/v2\/media?parent=587"}],"curies":[{"name":"wp","href":"https:\/\/api.w.org\/{rel}","templated":true}]}}