{"id":1,"date":"2016-05-26T06:02:03","date_gmt":"2016-05-26T04:02:03","guid":{"rendered":"https:\/\/sanktlukas.se\/karlstad\/foreningen\/"},"modified":"2024-03-13T10:07:05","modified_gmt":"2024-03-13T09:07:05","slug":"foreningen","status":"publish","type":"page","link":"https:\/\/sanktlukas.se\/karlstad\/foreningen\/","title":{"rendered":"F\u00f6reningen"},"content":{"rendered":"<p>S:t Lukas \u00e4r en riksomfattande id\u00e9buren och allm\u00e4nnyttig organisation med trettiotal\u00a0f\u00f6reningar i landet. Organisationen bildades 1939 av l\u00e4kare, pr\u00e4ster och socialarbetare.<\/p>\n<p>Den b\u00e4rande id\u00e9n var en gemensam syn p\u00e5 m\u00e4nniskan som en helhet med s\u00e5v\u00e4l fysiska, psykiska som existentiella och andliga behov. Med \u00f6ppenhet och respekt ville man ge m\u00e4nniskor m\u00f6jlighet att arbeta med sina psykiska problem och livsfr\u00e5gor. Tron p\u00e5 m\u00e4nniskans egna inre l\u00e4kande krafter och m\u00f6jligheter till personlig utveckling \u00e4r central f\u00f6r\u00a0S:t Lukas.<\/p>\n<p>S:t Lukas i V\u00e4rmland bildades 1969 och\u00a0vill fr\u00e4mja samarbetet mellan f\u00f6retr\u00e4dare f\u00f6r\u00a0m\u00e4nniskov\u00e5rdande yrken, samt\u00a0informera och v\u00e4cka opinion i fr\u00e5gor som r\u00f6r det inre livets betydelse f\u00f6r individer, grupper och organisationer. Existentiella livsfr\u00e5gor och tron p\u00e5 m\u00e4nniskans inre l\u00e4kande krafter och m\u00f6jligheter till personlig utveckling \u00e4r den psykodynamiska grunden f\u00f6r v\u00e5rt arbete med psykoterapi, psykosociala fr\u00e5gor och handledning.<\/p>\n<p>F\u00f6reningen inbjuder varje termin till f\u00f6rel\u00e4snings- och samtalskv\u00e4llar \u00f6ver hela V\u00e4rmland.<\/p>\n<p>Du anm\u00e4ler Dig som medlem i f\u00f6reningen genom att maila <a href=\"mailto:varmland@sanktlukas.se\">varmland@sanktlukas.se<\/a> och betala in medlemsavgiften 200 kr till bankgiro\u00a0 889-9247 eller swisha 123 223 20 56.<\/p>\n","protected":false},"excerpt":{"rendered":"<p>S:t Lukas \u00e4r en riksomfattande id\u00e9buren och allm\u00e4nnyttig organisation med trettiotal\u00a0f\u00f6reningar i landet. Organisationen bildades 1939 av l\u00e4kare, pr\u00e4ster och socialarbetare. Den b\u00e4rande id\u00e9n var en gemensam syn p\u00e5 m\u00e4nniskan som en helhet med s\u00e5v\u00e4l fysiska, psykiska som existentiella och andliga behov. Med \u00f6ppenhet och respekt ville man ge m\u00e4nniskor m\u00f6jlighet att arbeta med sina [&hellip;]<\/p>\n","protected":false},"author":5,"featured_media":-1,"parent":0,"menu_order":0,"comment_status":"closed","ping_status":"closed","template":"mall-sidomeny-utan-banner","meta":{"_acf_changed":false,"footnotes":""},"class_list":["post-1","page","type-page","status-publish","has-post-thumbnail","hentry"],"acf":[],"_links":{"self":[{"href":"https:\/\/sanktlukas.se\/karlstad\/wp-json\/wp\/v2\/pages\/1","targetHints":{"allow":["GET"]}}],"collection":[{"href":"https:\/\/sanktlukas.se\/karlstad\/wp-json\/wp\/v2\/pages"}],"about":[{"href":"https:\/\/sanktlukas.se\/karlstad\/wp-json\/wp\/v2\/types\/page"}],"author":[{"embeddable":true,"href":"https:\/\/sanktlukas.se\/karlstad\/wp-json\/wp\/v2\/users\/5"}],"replies":[{"embeddable":true,"href":"https:\/\/sanktlukas.se\/karlstad\/wp-json\/wp\/v2\/comments?post=1"}],"version-history":[{"count":8,"href":"https:\/\/sanktlukas.se\/karlstad\/wp-json\/wp\/v2\/pages\/1\/revisions"}],"predecessor-version":[{"id":372,"href":"https:\/\/sanktlukas.se\/karlstad\/wp-json\/wp\/v2\/pages\/1\/revisions\/372"}],"wp:featuredmedia":[{"embeddable":true,"href":"https:\/\/sanktlukas.se\/karlstad\/wp-json\/"}],"wp:attachment":[{"href":"https:\/\/sanktlukas.se\/karlstad\/wp-json\/wp\/v2\/media?parent=1"}],"curies":[{"name":"wp","href":"https:\/\/api.w.org\/{rel}","templated":true}]}}