{"id":8,"date":"2016-10-26T12:19:29","date_gmt":"2016-10-26T10:19:29","guid":{"rendered":"https:\/\/sanktlukas.se\/sodertalje\/?page_id=8"},"modified":"2016-10-26T12:43:44","modified_gmt":"2016-10-26T10:43:44","slug":"foreningen","status":"publish","type":"page","link":"https:\/\/sanktlukas.se\/sodertalje\/foreningen\/","title":{"rendered":"F\u00f6reningen"},"content":{"rendered":"<p>S:t Lukas i S\u00f6dert\u00e4lje \u00e4r en filial till S:t Lukas i J\u00e4rf\u00e4lla.<\/p>\n<p>S:t Lukas i J\u00e4rf\u00e4lla bildades 1984 och \u00e4r en\u00a0f\u00f6rening inom F\u00f6rbundet S:t Lukas.\u00a0F\u00f6reningen vill vara en m\u00f6tesplats m\u00e4nniskor emellan. En plats d\u00e4r man kan lyfta fram fr\u00e5gor och skapa dialog kring \u00e4mnen som r\u00f6r m\u00e4nniskors personliga och existentiella utveckling och mellanm\u00e4nskliga relationer. Vi vill sprida kunskap om vad som skapar psykisk och existentiell h\u00e4lsa.<\/p>\n<p>Varje termin anordnas f\u00f6redrag, filmvisning med samtal, pilgrimsvandring, ev. \u00a0samtalsverksamhet med olika teman.\u00a0Se under Programverksamhet.<\/p>\n<p><strong>Var med och p\u00e5verka, bli medlem!<br \/>\n<\/strong>Genom att bli medlem i S:t Lukas J\u00e4rf\u00e4lla \u00e4r du med och st\u00f6djer en verksamhet som ge st\u00f6d till m\u00e4nniskor i kris. Med ditt medlemskap \u00e4r du med och p\u00e5verkar f\u00f6reningens programutbud och verksamheten vid mottagningen. Genom att bli medlem tar du st\u00e4llning f\u00f6r de som arbetar f\u00f6r en b\u00e4ttre psykisk h\u00e4lsa f\u00f6r alla.<\/p>\n<p>Du f\u00e5r inbjudan till f\u00f6reningens anordnade aktiviteter.\u00a0Entr\u00e9avgiften \u00e4r reducerad f\u00f6r medlemmar.\u00a0\u00a0\u00c5rsavgiften \u00e4r\u00a0200 kr f\u00f6r enskild och 300 kr f\u00f6r familj. Inbetalas p\u00e5 bg\u00a0\u00a05639-3747.<\/p>\n","protected":false},"excerpt":{"rendered":"<p>S:t Lukas i S\u00f6dert\u00e4lje \u00e4r en filial till S:t Lukas i J\u00e4rf\u00e4lla. S:t Lukas i J\u00e4rf\u00e4lla bildades 1984 och \u00e4r en\u00a0f\u00f6rening inom F\u00f6rbundet S:t Lukas.\u00a0F\u00f6reningen vill vara en m\u00f6tesplats m\u00e4nniskor emellan. En plats d\u00e4r man kan lyfta fram fr\u00e5gor och skapa dialog kring \u00e4mnen som r\u00f6r m\u00e4nniskors personliga och existentiella utveckling och mellanm\u00e4nskliga relationer. Vi [&hellip;]<\/p>\n","protected":false},"author":3,"featured_media":-1,"parent":0,"menu_order":0,"comment_status":"closed","ping_status":"closed","template":"","meta":{"_acf_changed":false,"footnotes":""},"class_list":["post-8","page","type-page","status-publish","has-post-thumbnail","hentry"],"acf":[],"_links":{"self":[{"href":"https:\/\/sanktlukas.se\/sodertalje\/wp-json\/wp\/v2\/pages\/8","targetHints":{"allow":["GET"]}}],"collection":[{"href":"https:\/\/sanktlukas.se\/sodertalje\/wp-json\/wp\/v2\/pages"}],"about":[{"href":"https:\/\/sanktlukas.se\/sodertalje\/wp-json\/wp\/v2\/types\/page"}],"author":[{"embeddable":true,"href":"https:\/\/sanktlukas.se\/sodertalje\/wp-json\/wp\/v2\/users\/3"}],"replies":[{"embeddable":true,"href":"https:\/\/sanktlukas.se\/sodertalje\/wp-json\/wp\/v2\/comments?post=8"}],"version-history":[{"count":2,"href":"https:\/\/sanktlukas.se\/sodertalje\/wp-json\/wp\/v2\/pages\/8\/revisions"}],"predecessor-version":[{"id":16,"href":"https:\/\/sanktlukas.se\/sodertalje\/wp-json\/wp\/v2\/pages\/8\/revisions\/16"}],"wp:featuredmedia":[{"embeddable":true,"href":"https:\/\/sanktlukas.se\/sodertalje\/wp-json\/"}],"wp:attachment":[{"href":"https:\/\/sanktlukas.se\/sodertalje\/wp-json\/wp\/v2\/media?parent=8"}],"curies":[{"name":"wp","href":"https:\/\/api.w.org\/{rel}","templated":true}]}}