{"id":1,"date":"2016-05-26T06:03:37","date_gmt":"2016-05-26T04:03:37","guid":{"rendered":"https:\/\/sanktlukas.se\/vasteras\/foreningen\/"},"modified":"2024-01-24T09:20:00","modified_gmt":"2024-01-24T08:20:00","slug":"foreningen","status":"publish","type":"page","link":"https:\/\/sanktlukas.se\/vasteras\/foreningen\/","title":{"rendered":"F\u00f6reningen"},"content":{"rendered":"\n<h4 class=\"wp-block-heading\"><strong>Lokalf\u00f6reningen S:t Lukas i V\u00e4ster\u00e5s bildades 1948 och \u00e4r en m\u00f6tesplats d\u00e4r vi lyfter fram fr\u00e5gor och skapar dialog kring \u00e4mnen som r\u00f6r m\u00e4nniskans personliga och andliga utveckling samt mellanm\u00e4nskliga relationer.<\/strong><\/h4>\n\n\n\n<p>Detta sker till exempel i form av f\u00f6rel\u00e4sningar,&nbsp;Bio Existens&nbsp;och samtalskv\u00e4llar f\u00f6r allm\u00e4nheten. Lokalf\u00f6reningen har en ideellt arbetande styrelse vilken ocks\u00e5 \u00e4r huvudman f\u00f6r psykoterapimottagningarna i V\u00e4ster\u00e5s och i Eskilstuna. N\u00e4r det g\u00e4ller f\u00f6reningsverksamheten f\u00f6r S\u00f6rmland s\u00e5 finns d\u00e4r en egen lokalf\u00f6rening.<\/p>\n\n\n\n<p>\u00d6nskar du bli medlem s\u00e5 kommer inbjudan till f\u00f6rel\u00e4sningar och andra sammankomster i f\u00f6reningens regi till reducerad kostnad och till mottagningens offentliga f\u00f6rel\u00e4sningar.<\/p>\n\n\n\n<p>\u00c5rsavgiften \u00e4r 200 kr och 100 kr f\u00f6r \u00f6vriga familjemedlemmar.<\/p>\n\n\n\n<p>Avgiften betalas in via bankgironummer 5262-3626 eller swish 1230195495.<\/p>\n\n\n\n<p>Kom ih\u00e5g att ange namn och kontaktuppgifter.<\/p>\n\n\n\n<p><span class=\"s1\">V\u00c4LKOMMEN<\/span><\/p>\n\n\n\n<p><span class=\"s1\">&nbsp;<\/span><\/p>\n","protected":false},"excerpt":{"rendered":"<p>Lokalf\u00f6reningen S:t Lukas i V\u00e4ster\u00e5s bildades 1948 och \u00e4r en m\u00f6tesplats d\u00e4r vi lyfter fram fr\u00e5gor och skapar dialog kring \u00e4mnen som r\u00f6r m\u00e4nniskans personliga och andliga utveckling samt mellanm\u00e4nskliga relationer. Detta sker till exempel i form av f\u00f6rel\u00e4sningar,&nbsp;Bio Existens&nbsp;och samtalskv\u00e4llar f\u00f6r allm\u00e4nheten. Lokalf\u00f6reningen har en ideellt arbetande styrelse vilken ocks\u00e5 \u00e4r huvudman f\u00f6r psykoterapimottagningarna [&hellip;]<\/p>\n","protected":false},"author":3,"featured_media":-1,"parent":0,"menu_order":0,"comment_status":"closed","ping_status":"closed","template":"","meta":{"_acf_changed":false,"footnotes":""},"class_list":["post-1","page","type-page","status-publish","has-post-thumbnail","hentry"],"acf":[],"_links":{"self":[{"href":"https:\/\/sanktlukas.se\/vasteras\/wp-json\/wp\/v2\/pages\/1","targetHints":{"allow":["GET"]}}],"collection":[{"href":"https:\/\/sanktlukas.se\/vasteras\/wp-json\/wp\/v2\/pages"}],"about":[{"href":"https:\/\/sanktlukas.se\/vasteras\/wp-json\/wp\/v2\/types\/page"}],"author":[{"embeddable":true,"href":"https:\/\/sanktlukas.se\/vasteras\/wp-json\/wp\/v2\/users\/3"}],"replies":[{"embeddable":true,"href":"https:\/\/sanktlukas.se\/vasteras\/wp-json\/wp\/v2\/comments?post=1"}],"version-history":[{"count":7,"href":"https:\/\/sanktlukas.se\/vasteras\/wp-json\/wp\/v2\/pages\/1\/revisions"}],"predecessor-version":[{"id":542,"href":"https:\/\/sanktlukas.se\/vasteras\/wp-json\/wp\/v2\/pages\/1\/revisions\/542"}],"wp:featuredmedia":[{"embeddable":true,"href":"https:\/\/sanktlukas.se\/vasteras\/wp-json\/"}],"wp:attachment":[{"href":"https:\/\/sanktlukas.se\/vasteras\/wp-json\/wp\/v2\/media?parent=1"}],"curies":[{"name":"wp","href":"https:\/\/api.w.org\/{rel}","templated":true}]}}